{"id":36,"date":"2015-04-21T13:36:08","date_gmt":"2015-04-21T12:36:08","guid":{"rendered":"http:\/\/www.schelle.cz\/?page_id=36"},"modified":"2015-04-24T09:00:03","modified_gmt":"2015-04-24T08:00:03","slug":"rozhodci-rizeni","status":"publish","type":"page","link":"https:\/\/www.schelle.cz\/?page_id=36","title":{"rendered":"Rozhod\u010d\u00ed \u0159\u00edzen\u00ed"},"content":{"rendered":"<p><img loading=\"lazy\" decoding=\"async\" src=\"http:\/\/www.schelle.cz\/wp-content\/uploads\/2015\/04\/dot2.gif\" alt=\"dot2\" width=\"18\" height=\"40\" class=\"alignleft\" \/><\/p>\n<h6>ROZHOD\u010c\u00cd \u0158\u00cdZEN\u00cd<\/h6>\n<p class=\"sluzby\">\u010clenov\u00e9 kancel\u00e1\u0159e vykon\u00e1vaj\u00ed ji\u017e \u0159adu let funkci nestrann\u00fdch rozhodc\u016f pro podnikatele, kte\u0159\u00ed cht\u011bj\u00ed p\u0159\u00edpadn\u00e9 budouc\u00ed spory \u0159e\u0161it alternativn\u00edm zp\u016fsobem, tedy mimo r\u00e1mec soudn\u00edho \u0159\u00edzen\u00ed. P\u0159i v\u00fdkonu funkce rozhodce vych\u00e1zej\u00ed z bohat\u00fdch zku\u0161enost\u00ed s touto \u010dinnost\u00ed, v\u010detn\u011b rozhodov\u00e1n\u00ed spor\u016f s ciz\u00edm prvkem. \u010clenov\u00e9 kancel\u00e1\u0159e jsou ochotni sepsat dle zadan\u00fdch po\u017eadavk\u016f rozhod\u010d\u00ed smlouvy \u010di rozhod\u010d\u00ed dolo\u017eky. Zastupuj\u00ed podnikatele v\u00a0\u0159\u00edzen\u00ed p\u0159ed rozhod\u010d\u00edmi org\u00e1ny v\u010detn\u011b Rozhod\u010d\u00edho soudu p\u0159i Hospod\u00e1\u0159sk\u00e9 komo\u0159e \u010cesk\u00e9 republiky a Agr\u00e1rn\u00ed komo\u0159e \u010cesk\u00e9 republiky i mezin\u00e1rodn\u00edch rozhod\u010d\u00edch soud\u016f\/org\u00e1n\u016f.<\/p>\n<hr noshade=\"noshade\" \/>\n<ul>\n<li><a href=\"http:\/\/www.schelle.cz\/?page_id=38\" title=\"Desatero v\u00fdhod rozhod\u010d\u00edho \u0159\u00edzen\u00ed\">V\u00fdhody rozhod\u010d\u00edho \u0159\u00edzen\u00ed<\/a><\/li>\n<li><a href=\"http:\/\/www.schelle.cz\/?page_id=40\" title=\"Rozhod\u010d\u00ed dolo\u017eka\">Rozhod\u010d\u00ed dolo\u017eka<\/a><\/li>\n<\/ul>\n<p>&nbsp;<br \/>\n&nbsp;<br \/>\n&nbsp;<br \/>\n&nbsp;<br \/>\n&nbsp;<br \/>\n&nbsp;<br \/>\n&nbsp;<br \/>\n&nbsp;<br \/>\n&nbsp;<br \/>\n&nbsp;<br \/>\n&nbsp;<br \/>\n&nbsp;<br \/>\n&nbsp;<br \/>\n&nbsp;<br \/>\n&nbsp;<br \/>\n&nbsp;<br \/>\n&nbsp;<\/p>\n","protected":false},"excerpt":{"rendered":"<p>ROZHOD\u010c\u00cd \u0158\u00cdZEN\u00cd \u010clenov\u00e9 kancel\u00e1\u0159e vykon\u00e1vaj\u00ed ji\u017e \u0159adu let funkci nestrann\u00fdch rozhodc\u016f pro podnikatele, kte\u0159\u00ed cht\u011bj\u00ed p\u0159\u00edpadn\u00e9 budouc\u00ed spory \u0159e\u0161it alternativn\u00edm zp\u016fsobem, tedy mimo r\u00e1mec soudn\u00edho \u0159\u00edzen\u00ed. P\u0159i v\u00fdkonu funkce rozhodce vych\u00e1zej\u00ed z bohat\u00fdch zku\u0161enost\u00ed s touto \u010dinnost\u00ed, v\u010detn\u011b rozhodov\u00e1n\u00ed spor\u016f &hellip; <a href=\"https:\/\/www.schelle.cz\/?page_id=36\">Cel\u00fd p\u0159\u00edsp\u011bvek <span class=\"meta-nav\">&rarr;<\/span><\/a><\/p>\n","protected":false},"author":1,"featured_media":0,"parent":16,"menu_order":5,"comment_status":"closed","ping_status":"closed","template":"","meta":{"footnotes":""},"class_list":["post-36","page","type-page","status-publish","hentry"],"_links":{"self":[{"href":"https:\/\/www.schelle.cz\/index.php?rest_route=\/wp\/v2\/pages\/36","targetHints":{"allow":["GET"]}}],"collection":[{"href":"https:\/\/www.schelle.cz\/index.php?rest_route=\/wp\/v2\/pages"}],"about":[{"href":"https:\/\/www.schelle.cz\/index.php?rest_route=\/wp\/v2\/types\/page"}],"author":[{"embeddable":true,"href":"https:\/\/www.schelle.cz\/index.php?rest_route=\/wp\/v2\/users\/1"}],"replies":[{"embeddable":true,"href":"https:\/\/www.schelle.cz\/index.php?rest_route=%2Fwp%2Fv2%2Fcomments&post=36"}],"version-history":[{"count":7,"href":"https:\/\/www.schelle.cz\/index.php?rest_route=\/wp\/v2\/pages\/36\/revisions"}],"predecessor-version":[{"id":565,"href":"https:\/\/www.schelle.cz\/index.php?rest_route=\/wp\/v2\/pages\/36\/revisions\/565"}],"up":[{"embeddable":true,"href":"https:\/\/www.schelle.cz\/index.php?rest_route=\/wp\/v2\/pages\/16"}],"wp:attachment":[{"href":"https:\/\/www.schelle.cz\/index.php?rest_route=%2Fwp%2Fv2%2Fmedia&parent=36"}],"curies":[{"name":"wp","href":"https:\/\/api.w.org\/{rel}","templated":true}]}}